{"id":1805,"date":"2025-03-11T08:53:35","date_gmt":"2025-03-11T07:53:35","guid":{"rendered":"https:\/\/frenesie-restaurant.fr\/?page_id=1805"},"modified":"2026-02-27T14:23:37","modified_gmt":"2026-02-27T13:23:37","slug":"nos-menus","status":"publish","type":"page","link":"https:\/\/frenesie-restaurant.fr\/index.php\/nos-menus\/","title":{"rendered":"Nos menus"},"content":{"rendered":"\t\t<div data-elementor-type=\"wp-page\" data-elementor-id=\"1805\" class=\"elementor elementor-1805\">\n\t\t\t\t<div class=\"elementor-element elementor-element-fcb34f2 e-flex e-con-boxed e-con e-parent\" data-id=\"fcb34f2\" data-element_type=\"container\">\n\t\t\t\t\t<div class=\"e-con-inner\">\n\t\t<div class=\"elementor-element elementor-element-a104880 e-con-full e-flex e-con e-child\" data-id=\"a104880\" data-element_type=\"container\">\n\t\t\t\t<div class=\"elementor-element elementor-element-7d0e244 elementor-widget elementor-widget-heading\" data-id=\"7d0e244\" data-element_type=\"widget\" data-widget_type=\"heading.default\">\n\t\t\t\t<div class=\"elementor-widget-container\">\n\t\t\t\t\t<h2 class=\"elementor-heading-title elementor-size-default\">Semaine du 26 f\u00e9vrier au 1 mars 2O26 <\/h2>\t\t\t\t<\/div>\n\t\t\t\t<\/div>\n\t\t\t\t<div class=\"elementor-element elementor-element-cde2c0f elementor-widget elementor-widget-heading\" data-id=\"cde2c0f\" data-element_type=\"widget\" data-widget_type=\"heading.default\">\n\t\t\t\t<div class=\"elementor-widget-container\">\n\t\t\t\t\t<h6 class=\"elementor-heading-title elementor-size-default\">Nous tentons de mettre les menus sur notre site internet le plus r\u00e9guli\u00e8rement possible. \nComme ceux-ci changent toutes les semaines, nous vous conseillons de nous appeler si vous voulez \u00eatre certain.es de ce que vous mangerez chez nous, merci de votre compr\u00e9hension.<\/h6>\t\t\t\t<\/div>\n\t\t\t\t<\/div>\n\t\t\t\t<\/div>\n\t\t\t\t\t<\/div>\n\t\t\t\t<\/div>\n\t\t<div class=\"elementor-element elementor-element-89f0f1e e-grid e-con-boxed e-con e-parent\" data-id=\"89f0f1e\" data-element_type=\"container\">\n\t\t\t\t\t<div class=\"e-con-inner\">\n\t\t\t\t<div class=\"elementor-element elementor-element-3e43f39 elementor-widget elementor-widget-text-editor\" data-id=\"3e43f39\" data-element_type=\"widget\" data-widget_type=\"text-editor.default\">\n\t\t\t\t<div class=\"elementor-widget-container\">\n\t\t\t\t\t\t\t\t\t<h3><span style=\"color: #ff9900;\"><strong>Menu du midi<\/strong><\/span><\/h3><p style=\"text-align: right;\"><span style=\"color: #ff9900;\">Entr\u00e9e + plat + dessert = 28 \u20ac<\/span><\/p><p style=\"text-align: right;\"><span style=\"color: #ff9900;\">Entr\u00e9e + plat \/ Plat + dessert = 24 \u20ac<\/span><\/p><p style=\"text-align: right;\"><span style=\"color: #ff9900;\">Plat unique = 19 \u20ac<\/span><\/p><h4>Entr\u00e9es au choix :\u00a0<\/h4><p>Butternut confit \/ jus de courge \/ huile d&rsquo;ail \/ chapelure croustillante \/ mesclun<\/p><p>Crudo de lieu jaune \/ fenouil cru \/ radis noir \/ huile de fenouil\u00a0<\/p><h4>Plats au choix :\u00a0<\/h4><p>Chou fleur au beurre noisette \/ tomb\u00e9e d&rsquo;oignons lacto \/\u00a0 pur\u00e9e de chou fleur \/ pomme de terre \/ navets \/ jus lacto<\/p><p>Volaille de Nostang \/ pur\u00e9e de carotte \/ carottes r\u00f4ties \/ jeunes oignons \/ \u00e9pinards \/ jus de volaille\u00a0<\/p><h4>Desserts au choix :\u00a0<\/h4><p>Pomme r\u00f4tie \/ cr\u00e8me anglaise \/ caramel beurre sal\u00e9 \/ crumble<\/p><p>G\u00e2teau poire-amande \/ yaourt de la B\u00eale Listoir \/compot\u00e9e de poire\u00a0<\/p>\t\t\t\t\t\t\t\t<\/div>\n\t\t\t\t<\/div>\n\t\t\t\t<div class=\"elementor-element elementor-element-918a1f5 elementor-widget elementor-widget-text-editor\" data-id=\"918a1f5\" data-element_type=\"widget\" data-widget_type=\"text-editor.default\">\n\t\t\t\t<div class=\"elementor-widget-container\">\n\t\t\t\t\t\t\t\t\t<h3 style=\"text-align: left;\"><span style=\"color: #ff9900;\">Menu su soir<\/span><\/h3><p>Entr\u00e9es :<\/p><p>Butternut r\u00f4ti \/ fromage de brebis fum\u00e9 \/ \u00e9chalotes frites<br \/>10\u20ac<\/p><p>Press\u00e9 de c\u00e9leris \/ pralin\u00e9 de graines \/ jus de c\u00e9leris \/ cerfeuil<br \/>11\u20ac<\/p><p>Maquereau grill\u00e9 \/ carotte \/ dashi \/ huile de colza<br \/>15\u20ac<\/p><p>Plats :<\/p><p>Chou fleur r\u00f4ti \/ pur\u00e9e de pomme de terre \/ cr\u00e8me d&rsquo;ail \/ salade d&rsquo;herbes \/ jus lacto<br \/>22\u20ac<\/p><p>Lieu jaune de ligne \/ pur\u00e9e de brocolis \/ blettes \/ condiment citron \/ coriandre \/ jus d&rsquo;ar\u00eates<br \/>27\u20ac<\/p><p>Desserts :<\/p><p>Assiette de fromages de la B\u00eale Listoir et de la fromagerie Kerouzine \/ mesclun<br \/>9\u20ac<\/p><p>Poire poch\u00e9e \/ noix \/ verveine<br \/>9\u20ac<\/p><p>Cr\u00e9meux citron \/ marmelade orange \/ meringue \/ laurier<br \/>9\u20ac<\/p><p>Prix nets, service compris, allerg\u00e8nes disponibles sur demande<\/p>\t\t\t\t\t\t\t\t<\/div>\n\t\t\t\t<\/div>\n\t\t\t\t\t<\/div>\n\t\t\t\t<\/div>\n\t\t\t\t<\/div>\n\t\t","protected":false},"excerpt":{"rendered":"<p>Semaine du 26 f\u00e9vrier au 1 mars 2O26 Nous tentons de mettre les menus sur notre site internet le plus r\u00e9guli\u00e8rement possible. Comme ceux-ci changent toutes les semaines, nous vous conseillons de nous appeler si vous voulez \u00eatre certain.es de ce que vous mangerez chez nous, merci de votre compr\u00e9hension. Menu du midi Entr\u00e9e + [&hellip;]<\/p>\n","protected":false},"author":1,"featured_media":0,"parent":0,"menu_order":0,"comment_status":"closed","ping_status":"closed","template":"elementor_header_footer","meta":{"footnotes":""},"class_list":["post-1805","page","type-page","status-publish","hentry"],"blocksy_meta":[],"_links":{"self":[{"href":"https:\/\/frenesie-restaurant.fr\/index.php\/wp-json\/wp\/v2\/pages\/1805","targetHints":{"allow":["GET"]}}],"collection":[{"href":"https:\/\/frenesie-restaurant.fr\/index.php\/wp-json\/wp\/v2\/pages"}],"about":[{"href":"https:\/\/frenesie-restaurant.fr\/index.php\/wp-json\/wp\/v2\/types\/page"}],"author":[{"embeddable":true,"href":"https:\/\/frenesie-restaurant.fr\/index.php\/wp-json\/wp\/v2\/users\/1"}],"replies":[{"embeddable":true,"href":"https:\/\/frenesie-restaurant.fr\/index.php\/wp-json\/wp\/v2\/comments?post=1805"}],"version-history":[{"count":58,"href":"https:\/\/frenesie-restaurant.fr\/index.php\/wp-json\/wp\/v2\/pages\/1805\/revisions"}],"predecessor-version":[{"id":2902,"href":"https:\/\/frenesie-restaurant.fr\/index.php\/wp-json\/wp\/v2\/pages\/1805\/revisions\/2902"}],"wp:attachment":[{"href":"https:\/\/frenesie-restaurant.fr\/index.php\/wp-json\/wp\/v2\/media?parent=1805"}],"curies":[{"name":"wp","href":"https:\/\/api.w.org\/{rel}","templated":true}]}}